{"id":1296,"date":"2018-11-22T12:04:19","date_gmt":"2018-11-22T15:04:19","guid":{"rendered":"https:\/\/des-mis.infd.edu.ar\/sitio\/?page_id=1296"},"modified":"2019-02-22T11:53:52","modified_gmt":"2019-02-22T14:53:52","slug":"instituto-superior-de-formacion-y-desarrollo-rural","status":"publish","type":"page","link":"https:\/\/des-mis.infd.edu.ar\/sitio\/instituto-superior-de-formacion-y-desarrollo-rural\/","title":{"rendered":"Instituto Superior de Formaci\u00f3n y Desarrollo Rural"},"content":{"rendered":"<p><img decoding=\"async\" loading=\"lazy\" src=\"https:\/\/des-mis.infd.edu.ar\/sitio\/wp-content\/uploads\/2018\/12\/agropecuario-1000x233.jpg\" alt=\"\" width=\"1000\" height=\"233\" class=\"alignnone size-medium wp-image-1704\" srcset=\"https:\/\/des-mis.infd.edu.ar\/sitio\/wp-content\/uploads\/2018\/12\/agropecuario-1000x233.jpg 1000w, https:\/\/des-mis.infd.edu.ar\/sitio\/wp-content\/uploads\/2018\/12\/agropecuario-768x179.jpg 768w, https:\/\/des-mis.infd.edu.ar\/sitio\/wp-content\/uploads\/2018\/12\/agropecuario-1900x442.jpg 1900w\" sizes=\"(max-width: 1000px) 100vw, 1000px\" \/><br \/>\n<b>Localidad:<\/b><span style=\"font-weight: 400;\"> Cerro Azul<\/span><br \/>\n<b>Ubicaci\u00f3n:<\/b><span style=\"font-weight: 400;\">-27.63647, -55.49932<\/span><br \/>\n<iframe loading=\"lazy\" src=\"https:\/\/www.google.com\/maps\/embed?pb=!1m18!1m12!1m3!1d3534.614124697308!2d-55.50151405103047!3d-27.636465230344424!2m3!1f0!2f0!3f0!3m2!1i1024!2i768!4f13.1!3m3!1m2!1s0x0%3A0x0!2zMjfCsDM4JzExLjMiUyA1NcKwMjknNTcuNiJX!5e0!3m2!1ses!2sar!4v1550847018306\" width=\"600\" height=\"450\" frameborder=\"0\" style=\"border:0\" allowfullscreen><\/iframe><br \/>\n<b>Correo Electr\u00f3nico:<\/b><span style=\"font-weight: 400;\"> isfydr@hotmail.com<\/span><\/p>\n<h3><span style=\"font-weight: 400;\">Carrera: <\/span><b><i>T\u00e9cnico Superior en Gesti\u00f3n de la Producci\u00f3n Agropecuaria con Especializaci\u00f3n en Inform\u00e1tica para Administraci\u00f3n y Gesti\u00f3n<\/i><\/b><\/h3>\n<p><strong>Descripci\u00f3n:<\/strong><br \/>\nEl T\u00e9cnico Superior en Gesti\u00f3n de la Producci\u00f3n Agropecuaria con Especializaci\u00f3n en inform\u00e1tica, est\u00e1 capacitado para aplicar y transferir conocimientos, habilidades, destrezas, valores y actitudes en situaciones reales de trabajo, conforme a criterios de profesionalidad propios de su \u00e1rea. Gestionar y organizar la empresa agropecuaria, considerando el contexto socioecon\u00f3mico y productivo en que est\u00e1 inserta con criterios de equidad, responsabilidad social y sustentabilidad.<\/p>\n","protected":false},"excerpt":{"rendered":"<p>Localidad: Cerro Azul Ubicaci\u00f3n:-27.63647, -55.49932 Correo Electr\u00f3nico: isfydr@hotmail.com Carrera: T\u00e9cnico Superior en Gesti\u00f3n de la Producci\u00f3n Agropecuaria con Especializaci\u00f3n en Inform\u00e1tica para Administraci\u00f3n y Gesti\u00f3n Descripci\u00f3n: El T\u00e9cnico Superior en Gesti\u00f3n de la Producci\u00f3n Agropecuaria con Especializaci\u00f3n en inform\u00e1tica, est\u00e1 capacitado para aplicar y transferir conocimientos, habilidades, destrezas, valores y actitudes en situaciones reales de &#8230; <a title=\"Instituto Superior de Formaci\u00f3n y Desarrollo Rural\" class=\"read-more\" href=\"https:\/\/des-mis.infd.edu.ar\/sitio\/instituto-superior-de-formacion-y-desarrollo-rural\/\" aria-label=\"More on Instituto Superior de Formaci\u00f3n y Desarrollo Rural\">[+]<\/a><\/p>\n","protected":false},"author":34,"featured_media":0,"parent":0,"menu_order":0,"comment_status":"closed","ping_status":"closed","template":"","meta":[],"acf":[],"_links":{"self":[{"href":"https:\/\/des-mis.infd.edu.ar\/sitio\/wp-json\/wp\/v2\/pages\/1296"}],"collection":[{"href":"https:\/\/des-mis.infd.edu.ar\/sitio\/wp-json\/wp\/v2\/pages"}],"about":[{"href":"https:\/\/des-mis.infd.edu.ar\/sitio\/wp-json\/wp\/v2\/types\/page"}],"author":[{"embeddable":true,"href":"https:\/\/des-mis.infd.edu.ar\/sitio\/wp-json\/wp\/v2\/users\/34"}],"replies":[{"embeddable":true,"href":"https:\/\/des-mis.infd.edu.ar\/sitio\/wp-json\/wp\/v2\/comments?post=1296"}],"version-history":[{"count":6,"href":"https:\/\/des-mis.infd.edu.ar\/sitio\/wp-json\/wp\/v2\/pages\/1296\/revisions"}],"predecessor-version":[{"id":1870,"href":"https:\/\/des-mis.infd.edu.ar\/sitio\/wp-json\/wp\/v2\/pages\/1296\/revisions\/1870"}],"wp:attachment":[{"href":"https:\/\/des-mis.infd.edu.ar\/sitio\/wp-json\/wp\/v2\/media?parent=1296"}],"curies":[{"name":"wp","href":"https:\/\/api.w.org\/{rel}","templated":true}]}}